{"id":8672,"date":"2020-11-21T11:26:18","date_gmt":"2020-11-21T11:26:18","guid":{"rendered":"https:\/\/www.aria-net.it\/?page_id=8672"},"modified":"2025-02-07T14:48:45","modified_gmt":"2025-02-07T12:48:45","slug":"giornate-arianet-old","status":"publish","type":"page","link":"https:\/\/www.aria-net.it\/it\/giornate-arianet-old\/","title":{"rendered":"Giornate ARIANET"},"content":{"rendered":"<p>[vc_row][vc_column]<div class=\"rs-blog-grid rs-blog \">\n\t\t\t\t\t<div class=\"row\"><div class=\"blog-item col-md-4 col-sm-12 col-xs-12\">\n\t\t\t\t\t\t<div class=\"bottom-shadow1\">\n\t\t\t\t\t\t\t<div class=\"blog-meta\">\n\t\t\t\t\t\t\t<h3 class=\"blog-title\"><a href=\"https:\/\/www.aria-net.it\/it\/?post_type=post&p=12664\"> XIII Giornata della modellistica in ARIA(NET) &#8211; Presentazioni <\/a><\/h3>\t\t\t\t\t\t\t\t  \t\n\t\t\t\t\t\t\t \t<div class=\"blog-date\">\n\t\t\t\t\t\t\t \t\t<span class=\"author\"><i class=\"fa fa-user\"><\/i> arianet-admin<\/span>\n\t\t\t\t\t\t\t \t\t<span class=\"date-post\"><i class=\"fa fa-calendar\"><\/i> 24\/04\/2026 <\/span>\t\t\t\t\t\t\t \t\t\n\t\t\t\t\t\t\t \t<\/div>\t\n\t\t\t\t\t\t\t \t\t\t\t\t \t\n\t\t\t\t\t\t\t<\/div>\t\t\t\t\t\n\t\t\t\t\t\t\t<div class=\"blog-desc\">\n\t\t\t\t\t\t\t\t&nbsp; Marted\u00ec 24 e Mercoled\u00ec 25 Marzo, si \u00e8 svolta la tredicesima edizione della \u201cGiornata della modellistica in ARIA(NET)\u201d, l&#8217;evento annuale dedicato...\n\t\t\t\t\t\t\t<\/div>\n\t\t\t\t\t\t\t<div class=\"blog-button\">\n\t\t\t\t\t\t\t\t<a href=\"https:\/\/www.aria-net.it\/it\/?post_type=post&p=12664\">Read More<\/a>\n\t\t\t\t\t\t\t<\/div>\n\t\t\t\t\t\t<\/div>\n\t\t\t\t\t<\/div>\t\t\n\t\t\t\t\t<div class=\"blog-item col-md-4 col-sm-12 col-xs-12\">\n\t\t\t\t\t\t<div class=\"bottom-shadow1\">\n\t\t\t\t\t\t\t<div class=\"blog-meta\">\n\t\t\t\t\t\t\t<h3 class=\"blog-title\"><a href=\"https:\/\/www.aria-net.it\/it\/?post_type=post&p=12654\"> XIII Giornata della modellistica in ARIA(NET) <\/a><\/h3>\t\t\t\t\t\t\t\t  \t\n\t\t\t\t\t\t\t \t<div class=\"blog-date\">\n\t\t\t\t\t\t\t \t\t<span class=\"author\"><i class=\"fa fa-user\"><\/i> arianet-admin<\/span>\n\t\t\t\t\t\t\t \t\t<span class=\"date-post\"><i class=\"fa fa-calendar\"><\/i> 25\/03\/2026 <\/span>\t\t\t\t\t\t\t \t\t\n\t\t\t\t\t\t\t \t<\/div>\t\n\t\t\t\t\t\t\t \t\t\t\t\t \t\n\t\t\t\t\t\t\t<\/div>\t\t\t\t\t\n\t\t\t\t\t\t\t<div class=\"blog-desc\">\n\t\t\t\t\t\t\t\tIl 24 ed il 25 marzo si \u00e8 svolta la XIII edizione della &#8220;\ud835\udc06\ud835\udc22\ud835\udc28\ud835\udc2b\ud835\udc27\ud835\udc1a\ud835\udc2d\ud835\udc1a \ud835\udc1d\ud835\udc1e\ud835\udc25\ud835\udc25\ud835\udc1a \ud835\udc26\ud835\udc28\ud835\udc1d\ud835\udc1e\ud835\udc25\ud835\udc25\ud835\udc22\ud835\udc2c\ud835\udc2d\ud835\udc22\ud835\udc1c\ud835\udc1a \ud835\udc22\ud835\udc27 \ud835\udc00\ud835\udc11\ud835\udc08\ud835\udc00(\ud835\udc0d\ud835\udc04\ud835\udc13)\u201d, un appuntamento a cui...\n\t\t\t\t\t\t\t<\/div>\n\t\t\t\t\t\t\t<div class=\"blog-button\">\n\t\t\t\t\t\t\t\t<a href=\"https:\/\/www.aria-net.it\/it\/?post_type=post&p=12654\">Read More<\/a>\n\t\t\t\t\t\t\t<\/div>\n\t\t\t\t\t\t<\/div>\n\t\t\t\t\t<\/div>\t\t\n\t\t\t\t\t<div class=\"blog-item col-md-4 col-sm-12 col-xs-12\">\n\t\t\t\t\t\t<div class=\"bottom-shadow1\">\n\t\t\t\t\t\t\t<div class=\"blog-meta\">\n\t\t\t\t\t\t\t<h3 class=\"blog-title\"><a href=\"https:\/\/www.aria-net.it\/it\/?post_type=post&p=12640\"> 2\u00aa Conferenza Internazionale sulle Applicazioni della Qualit\u00e0 dell\u2019Aria nella Scienza e nell\u2019Ingegneria <\/a><\/h3>\t\t\t\t\t\t\t\t  \t\n\t\t\t\t\t\t\t \t<div class=\"blog-date\">\n\t\t\t\t\t\t\t \t\t<span class=\"author\"><i class=\"fa fa-user\"><\/i> arianet-admin<\/span>\n\t\t\t\t\t\t\t \t\t<span class=\"date-post\"><i class=\"fa fa-calendar\"><\/i> 09\/02\/2026 <\/span>\t\t\t\t\t\t\t \t\t\n\t\t\t\t\t\t\t \t<\/div>\t\n\t\t\t\t\t\t\t \t\t\t\t\t \t\n\t\t\t\t\t\t\t<\/div>\t\t\t\t\t\n\t\t\t\t\t\t\t<div class=\"blog-desc\">\n\t\t\t\t\t\t\t\tDal 9 all\u201911 febbraio 2026, il Kuwait ospiter\u00e0 la 2\u00aa Conferenza Internazionale sulle Applicazioni della Qualit\u00e0 dell\u2019Aria nella Scienza e nell\u2019Ingegneria (ICAAQSE),...\n\t\t\t\t\t\t\t<\/div>\n\t\t\t\t\t\t\t<div class=\"blog-button\">\n\t\t\t\t\t\t\t\t<a href=\"https:\/\/www.aria-net.it\/it\/?post_type=post&p=12640\">Read More<\/a>\n\t\t\t\t\t\t\t<\/div>\n\t\t\t\t\t\t<\/div>\n\t\t\t\t\t<\/div>\t\t\n\t\t\t\t\t<div class=\"blog-item col-md-4 col-sm-12 col-xs-12\">\n\t\t\t\t\t\t<div class=\"bottom-shadow1\">\n\t\t\t\t\t\t\t<div class=\"blog-meta\">\n\t\t\t\t\t\t\t<h3 class=\"blog-title\"><a href=\"https:\/\/www.aria-net.it\/it\/?post_type=post&p=12632\"> Il primo sistema di previsione della qualit\u00e0 dell&#8217;aria del Kuwait <\/a><\/h3>\t\t\t\t\t\t\t\t  \t\n\t\t\t\t\t\t\t \t<div class=\"blog-date\">\n\t\t\t\t\t\t\t \t\t<span class=\"author\"><i class=\"fa fa-user\"><\/i> arianet-admin<\/span>\n\t\t\t\t\t\t\t \t\t<span class=\"date-post\"><i class=\"fa fa-calendar\"><\/i> 13\/01\/2026 <\/span>\t\t\t\t\t\t\t \t\t\n\t\t\t\t\t\t\t \t<\/div>\t\n\t\t\t\t\t\t\t \t\t\t\t\t \t\n\t\t\t\t\t\t\t<\/div>\t\t\t\t\t\n\t\t\t\t\t\t\t<div class=\"blog-desc\">\n\t\t\t\t\t\t\t\tIl dottor Abdullah Al-Enezi, direttore esecutivo facente funzioni del Centro di ricerca sull&#8217;ambiente e le scienze della vita presso il Kuwait Institute...\n\t\t\t\t\t\t\t<\/div>\n\t\t\t\t\t\t\t<div class=\"blog-button\">\n\t\t\t\t\t\t\t\t<a href=\"https:\/\/www.aria-net.it\/it\/?post_type=post&p=12632\">Read More<\/a>\n\t\t\t\t\t\t\t<\/div>\n\t\t\t\t\t\t<\/div>\n\t\t\t\t\t<\/div>\t\t\n\t\t\t\t\t<div class=\"blog-item col-md-4 col-sm-12 col-xs-12\">\n\t\t\t\t\t\t<div class=\"bottom-shadow1\">\n\t\t\t\t\t\t\t<div class=\"blog-meta\">\n\t\t\t\t\t\t\t<h3 class=\"blog-title\"><a href=\"https:\/\/www.aria-net.it\/it\/?post_type=post&p=12614\"> Buon 2026! <\/a><\/h3>\t\t\t\t\t\t\t\t  \t\n\t\t\t\t\t\t\t \t<div class=\"blog-date\">\n\t\t\t\t\t\t\t \t\t<span class=\"author\"><i class=\"fa fa-user\"><\/i> arianet-admin<\/span>\n\t\t\t\t\t\t\t \t\t<span class=\"date-post\"><i class=\"fa fa-calendar\"><\/i> 31\/12\/2025 <\/span>\t\t\t\t\t\t\t \t\t\n\t\t\t\t\t\t\t \t<\/div>\t\n\t\t\t\t\t\t\t \t\t\t\t\t \t\n\t\t\t\t\t\t\t<\/div>\t\t\t\t\t\n\t\t\t\t\t\t\t<div class=\"blog-desc\">\n\t\t\t\t\t\t\t\tOrmai il 2025 \u00e8 agli sgoccioli, ma vogliamo prenderci un attimo per guardare agli ultimi dodici mesi ed essere soddisfatti di ci\u00f2...\n\t\t\t\t\t\t\t<\/div>\n\t\t\t\t\t\t\t<div class=\"blog-button\">\n\t\t\t\t\t\t\t\t<a href=\"https:\/\/www.aria-net.it\/it\/?post_type=post&p=12614\">Read More<\/a>\n\t\t\t\t\t\t\t<\/div>\n\t\t\t\t\t\t<\/div>\n\t\t\t\t\t<\/div>\t\t\n\t\t\t\t\t<div class=\"blog-item col-md-4 col-sm-12 col-xs-12\">\n\t\t\t\t\t\t<div class=\"bottom-shadow1\">\n\t\t\t\t\t\t\t<div class=\"blog-meta\">\n\t\t\t\t\t\t\t<h3 class=\"blog-title\"><a href=\"https:\/\/www.aria-net.it\/it\/?post_type=post&p=12604\"> Buon Natale! <\/a><\/h3>\t\t\t\t\t\t\t\t  \t\n\t\t\t\t\t\t\t \t<div class=\"blog-date\">\n\t\t\t\t\t\t\t \t\t<span class=\"author\"><i class=\"fa fa-user\"><\/i> arianet-admin<\/span>\n\t\t\t\t\t\t\t \t\t<span class=\"date-post\"><i class=\"fa fa-calendar\"><\/i> 22\/12\/2025 <\/span>\t\t\t\t\t\t\t \t\t\n\t\t\t\t\t\t\t \t<\/div>\t\n\t\t\t\t\t\t\t \t\t\t\t\t \t\n\t\t\t\t\t\t\t<\/div>\t\t\t\t\t\n\t\t\t\t\t\t\t<div class=\"blog-desc\">\n\t\t\t\t\t\t\t\tI &nbsp; &nbsp; &nbsp; &nbsp;\n\t\t\t\t\t\t\t<\/div>\n\t\t\t\t\t\t\t<div class=\"blog-button\">\n\t\t\t\t\t\t\t\t<a href=\"https:\/\/www.aria-net.it\/it\/?post_type=post&p=12604\">Read More<\/a>\n\t\t\t\t\t\t\t<\/div>\n\t\t\t\t\t\t<\/div>\n\t\t\t\t\t<\/div>\t\t\n\t\t\t\t\t<div class=\"pagination-area\"><div class=\"nav-links\"><span aria-current=\"page\" class=\"page-numbers current\">1<\/span>\n<a class=\"page-numbers\" href=\"https:\/\/www.aria-net.it\/it\/wp-json\/wp\/v2\/pages\/8672\/page\/2\/\">2<\/a>\n<a class=\"page-numbers\" href=\"https:\/\/www.aria-net.it\/it\/wp-json\/wp\/v2\/pages\/8672\/page\/3\/\">3<\/a>\n<span class=\"page-numbers dots\">&hellip;<\/span>\n<a class=\"page-numbers\" href=\"https:\/\/www.aria-net.it\/it\/wp-json\/wp\/v2\/pages\/8672\/page\/19\/\">19<\/a>\n<a class=\"next page-numbers\" href=\"https:\/\/www.aria-net.it\/it\/wp-json\/wp\/v2\/pages\/8672\/page\/2\/\">Successivo &raquo;<\/a><\/div><\/div><\/div><\/div>[\/vc_column][\/vc_row]<\/p>\n","protected":false},"excerpt":{"rendered":"<p>[vc_row][vc_column][\/vc_column]&#8230;<\/p>\n","protected":false},"author":1,"featured_media":0,"parent":0,"menu_order":0,"comment_status":"closed","ping_status":"closed","template":"","meta":{"footnotes":""},"class_list":["post-8672","page","type-page","status-publish","hentry"],"_links":{"self":[{"href":"https:\/\/www.aria-net.it\/it\/wp-json\/wp\/v2\/pages\/8672","targetHints":{"allow":["GET"]}}],"collection":[{"href":"https:\/\/www.aria-net.it\/it\/wp-json\/wp\/v2\/pages"}],"about":[{"href":"https:\/\/www.aria-net.it\/it\/wp-json\/wp\/v2\/types\/page"}],"author":[{"embeddable":true,"href":"https:\/\/www.aria-net.it\/it\/wp-json\/wp\/v2\/users\/1"}],"replies":[{"embeddable":true,"href":"https:\/\/www.aria-net.it\/it\/wp-json\/wp\/v2\/comments?post=8672"}],"version-history":[{"count":6,"href":"https:\/\/www.aria-net.it\/it\/wp-json\/wp\/v2\/pages\/8672\/revisions"}],"predecessor-version":[{"id":11829,"href":"https:\/\/www.aria-net.it\/it\/wp-json\/wp\/v2\/pages\/8672\/revisions\/11829"}],"wp:attachment":[{"href":"https:\/\/www.aria-net.it\/it\/wp-json\/wp\/v2\/media?parent=8672"}],"curies":[{"name":"wp","href":"https:\/\/api.w.org\/{rel}","templated":true}]}}